{"id":8450,"date":"2024-11-30T18:39:38","date_gmt":"2024-11-30T17:39:38","guid":{"rendered":"https:\/\/parnassius-apollo.life\/pawel-adamski"},"modified":"2024-11-30T18:39:41","modified_gmt":"2024-11-30T17:39:41","slug":"pawel-adamski","status":"publish","type":"page","link":"https:\/\/parnassius-apollo.life\/de\/pawel-adamski","title":{"rendered":"Pawel Adamski"},"content":{"rendered":"\n<p style=\"font-size:18px\"><strong>ROLLE<\/strong><\/p>\n\n<div class=\"ghostkit-icon-box\"><div class=\"ghostkit-icon-box-icon ghostkit-icon-box-icon-align-left\"><svg class=\"ghostkit-svg-icon\" width=\"24\" height=\"24\" viewBox=\"0 0 24 24\" fill=\"none\" xmlns=\"http:\/\/www.w3.org\/2000\/svg\"><path fill-rule=\"evenodd\" clip-rule=\"evenodd\" d=\"M9.21967 6.2197C9.51256 5.9268 9.98744 5.9268 10.2803 6.2197L15.5303 11.4697C15.8232 11.7626 15.8232 12.2374 15.5303 12.5303L10.2803 17.7803C9.98744 18.0732 9.51256 18.0732 9.21967 17.7803C8.92678 17.4874 8.92678 17.0126 9.21967 16.7197L13.9393 12L9.21967 7.2803C8.92678 6.9874 8.92678 6.5126 9.21967 6.2197Z\" fill=\"currentColor\"\/><\/svg><\/div><div class=\"ghostkit-icon-box-content is-layout-flow wp-block-ghostkit-icon-box-is-layout-flow\">\n<p>Externer Experte<\/p>\n<\/div><\/div>\n\n<p style=\"font-size:18px\"><strong>LAND<\/strong><\/p>\n\n<div class=\"ghostkit-icon-box\"><div class=\"ghostkit-icon-box-icon ghostkit-icon-box-icon-align-left\"><svg class=\"ghostkit-svg-icon\" width=\"24\" height=\"24\" viewBox=\"0 0 24 24\" fill=\"none\" xmlns=\"http:\/\/www.w3.org\/2000\/svg\"><path d=\"M11.2806 20.6368C5.98328 13.2316 5 12.4715 5 9.75C5 6.02207 8.13399 3 12 3C15.866 3 19 6.02207 19 9.75C19 12.4715 18.0167 13.2316 12.7194 20.6368C12.3718 21.1211 11.6282 21.121 11.2806 20.6368ZM12 12.5625C13.6108 12.5625 14.9167 11.3033 14.9167 9.75C14.9167 8.19669 13.6108 6.9375 12 6.9375C10.3892 6.9375 9.08333 8.19669 9.08333 9.75C9.08333 11.3033 10.3892 12.5625 12 12.5625Z\" fill=\"currentColor\"\/><\/svg><\/div><div class=\"ghostkit-icon-box-content is-layout-flow wp-block-ghostkit-icon-box-is-layout-flow\">\n<p>Polen<\/p>\n<\/div><\/div>\n\n<div class=\"wp-block-media-text alignwide is-stacked-on-mobile\" style=\"grid-template-columns:15% auto\"><figure class=\"wp-block-media-text__media\"><a href=\"https:\/\/www.kp.org.pl\/en\/\"><img data-recalc-dims=\"1\" loading=\"lazy\" decoding=\"async\" width=\"482\" height=\"451\" src=\"https:\/\/i0.wp.com\/parnassius-apollo.life\/wp-content\/uploads\/2023\/11\/Institute_of_Nature_Conservation_PAS.png?resize=482%2C451&#038;ssl=1\" alt=\"\" class=\"wp-image-6510 size-full\"\/><\/a><\/figure><div class=\"wp-block-media-text__content\">\n<p><mark style=\"background-color:rgba(0, 0, 0, 0)\" class=\"has-inline-color has-central-palette-7-color\">Das Institut f\u00fcr Naturschutz<\/mark> ist eine Einrichtung der Abteilung II der Polnischen Akademie der Wissenschaften. Das Institut f\u00fchrt Forschungen in den Bereichen \u00d6kologie, Naturschutzbiologie und Geologie durch. Die Hauptaufgabe besteht darin, die wissenschaftliche Grundlage f\u00fcr den modernen Natur- und Umweltschutz zu schaffen.  <\/p>\n<\/div><\/div>\n\n<p style=\"font-size:18px\"><strong>\u00dcBERSICHT<\/strong><\/p>\n\n<div class=\"ghostkit-icon-box\"><div class=\"ghostkit-icon-box-content is-layout-flow wp-block-ghostkit-icon-box-is-layout-flow\">\n<div class=\"wp-block-group alignfull is-vertical is-layout-flex wp-container-core-group-is-layout-fe9cc265 wp-block-group-is-layout-flex\">\n<p>Dr. Pawe\u0142 Adamski ist als<strong> au\u00dferordentlicher Professor am Institut f\u00fcr Naturschutz der Polnischen Akademie der Wissenschaften<\/strong> t\u00e4tig. Seine wissenschaftliche und angewandte Arbeit konzentriert sich auf die <strong>\u00d6kologie gef\u00e4hrdeter Populationen<\/strong>, insbesondere auf die Anwendung der Metapopulations\u00f6kologie im aktiven Tierschutz. <\/p>\n\n\n\n<p>Er hat an mehreren Projekten zur Wiederherstellung von Tierpopulationen teilgenommen, darunter der <strong>Apollo-Schmetterling im Pieniny-Nationalpark<\/strong>, die S\u00fc\u00dfwassermuschel ( <em>Unio crassus)<\/em> im Bia\u0142a-Fluss, die Gelbbauchunke<em>(Bombina variegata)<\/em> im Bia\u0142a-Tal und die Rotbauchunke<em>(Bombina bombina)<\/em> im Binnendelta von Nida.<\/p>\n\n\n\n<p>Pawe\u0142 besch\u00e4ftigt sich <strong>seit 1993<\/strong> mit dem Apollofalter, als er als Student an dem Projekt zur Wiederherstellung dieser Art im Pieniny-Nationalpark teilnahm. Im Jahr 2005 wurde er wissenschaftlicher Leiter der Schutzma\u00dfnahmen f\u00fcr diese Population. <\/p>\n\n\n\n<p>Neben seiner Arbeit in der Restaurations\u00f6kologie besch\u00e4ftigt sich Pawe\u0142 mit der <strong>\u00dcberwachung gef\u00e4hrdeter Insekten<\/strong>, vor allem Schmetterlinge, und der <strong>Identifizierung von Bedrohungsfaktoren<\/strong>. Au\u00dferdem umfasst seine wissenschaftliche T\u00e4tigkeit Studien \u00fcber die Beziehung zwischen Wildtieren und Tourismus und Freizeitaktivit\u00e4ten. <\/p>\n<\/div>\n<\/div><\/div>\n","protected":false},"excerpt":{"rendered":"<p>ROLLE Externer Experte LAND Polen Das Institut f\u00fcr Naturschutz ist eine Einrichtung der Abteilung II der Polnischen Akademie der Wissenschaften.<\/p>\n","protected":false},"author":33,"featured_media":0,"parent":0,"menu_order":0,"comment_status":"closed","ping_status":"closed","template":"","meta":{"colormag_page_container_layout":"default_layout","colormag_page_sidebar_layout":"default_layout","ghostkit_customizer_options":"","ghostkit_custom_css":"","ghostkit_custom_js_head":"","ghostkit_custom_js_foot":"","ghostkit_typography":"","jetpack_post_was_ever_published":false,"footnotes":""},"class_list":["post-8450","page","type-page","status-publish","hentry"],"yoast_head":"<!-- This site is optimized with the Yoast SEO Premium plugin v27.4 (Yoast SEO v27.4) - https:\/\/yoast.com\/product\/yoast-seo-premium-wordpress\/ -->\n<title>Pawel Adamski - Parnassius apollo project LIFE Apollo2020<\/title>\n<meta name=\"robots\" content=\"index, follow, max-snippet:-1, max-image-preview:large, max-video-preview:-1\" \/>\n<link rel=\"canonical\" href=\"https:\/\/parnassius-apollo.life\/de\/pawel-adamski\" \/>\n<meta property=\"og:locale\" content=\"de_DE\" \/>\n<meta property=\"og:type\" content=\"article\" \/>\n<meta property=\"og:title\" content=\"Pawel Adamski\" \/>\n<meta property=\"og:description\" content=\"ROLLE Externer Experte LAND Polen Das Institut f\u00fcr Naturschutz ist eine Einrichtung der Abteilung II der Polnischen Akademie der Wissenschaften.\" \/>\n<meta property=\"og:url\" content=\"https:\/\/parnassius-apollo.life\/de\/pawel-adamski\" \/>\n<meta property=\"og:site_name\" content=\"Parnassius apollo project LIFE Apollo2020\" \/>\n<meta property=\"article:modified_time\" content=\"2024-11-30T17:39:41+00:00\" \/>\n<meta property=\"og:image\" content=\"https:\/\/parnassius-apollo.life\/wp-content\/uploads\/2023\/11\/Institute_of_Nature_Conservation_PAS.png\" \/>\n<meta name=\"twitter:card\" content=\"summary_large_image\" \/>\n<meta name=\"twitter:label1\" content=\"Gesch\u00e4tzte Lesezeit\" \/>\n\t<meta name=\"twitter:data1\" content=\"1\u00a0Minute\" \/>\n<script type=\"application\/ld+json\" class=\"yoast-schema-graph\">{\"@context\":\"https:\\\/\\\/schema.org\",\"@graph\":[{\"@type\":\"WebPage\",\"@id\":\"https:\\\/\\\/parnassius-apollo.life\\\/de\\\/pawel-adamski\",\"url\":\"https:\\\/\\\/parnassius-apollo.life\\\/de\\\/pawel-adamski\",\"name\":\"Pawel Adamski - Parnassius apollo project LIFE Apollo2020\",\"isPartOf\":{\"@id\":\"https:\\\/\\\/parnassius-apollo.life\\\/de#website\"},\"primaryImageOfPage\":{\"@id\":\"https:\\\/\\\/parnassius-apollo.life\\\/de\\\/pawel-adamski#primaryimage\"},\"image\":{\"@id\":\"https:\\\/\\\/parnassius-apollo.life\\\/de\\\/pawel-adamski#primaryimage\"},\"thumbnailUrl\":\"https:\\\/\\\/parnassius-apollo.life\\\/wp-content\\\/uploads\\\/2023\\\/11\\\/Institute_of_Nature_Conservation_PAS.png\",\"datePublished\":\"2024-11-30T17:39:38+00:00\",\"dateModified\":\"2024-11-30T17:39:41+00:00\",\"breadcrumb\":{\"@id\":\"https:\\\/\\\/parnassius-apollo.life\\\/de\\\/pawel-adamski#breadcrumb\"},\"inLanguage\":\"de\",\"potentialAction\":[{\"@type\":\"ReadAction\",\"target\":[\"https:\\\/\\\/parnassius-apollo.life\\\/de\\\/pawel-adamski\"]}]},{\"@type\":\"ImageObject\",\"inLanguage\":\"de\",\"@id\":\"https:\\\/\\\/parnassius-apollo.life\\\/de\\\/pawel-adamski#primaryimage\",\"url\":\"https:\\\/\\\/parnassius-apollo.life\\\/wp-content\\\/uploads\\\/2023\\\/11\\\/Institute_of_Nature_Conservation_PAS.png\",\"contentUrl\":\"https:\\\/\\\/parnassius-apollo.life\\\/wp-content\\\/uploads\\\/2023\\\/11\\\/Institute_of_Nature_Conservation_PAS.png\"},{\"@type\":\"BreadcrumbList\",\"@id\":\"https:\\\/\\\/parnassius-apollo.life\\\/de\\\/pawel-adamski#breadcrumb\",\"itemListElement\":[{\"@type\":\"ListItem\",\"position\":1,\"name\":\"Home\",\"item\":\"https:\\\/\\\/parnassius-apollo.life\\\/de\"},{\"@type\":\"ListItem\",\"position\":2,\"name\":\"Pawel Adamski\"}]},{\"@type\":\"WebSite\",\"@id\":\"https:\\\/\\\/parnassius-apollo.life\\\/de#website\",\"url\":\"https:\\\/\\\/parnassius-apollo.life\\\/de\",\"name\":\"Parnassius apollo project LIFE Apollo2020\",\"description\":\"Conservation of Parnassius apollo in Czechia, Poland and Austria\",\"publisher\":{\"@id\":\"https:\\\/\\\/parnassius-apollo.life\\\/de#organization\"},\"potentialAction\":[{\"@type\":\"SearchAction\",\"target\":{\"@type\":\"EntryPoint\",\"urlTemplate\":\"https:\\\/\\\/parnassius-apollo.life\\\/de?s={search_term_string}\"},\"query-input\":{\"@type\":\"PropertyValueSpecification\",\"valueRequired\":true,\"valueName\":\"search_term_string\"}}],\"inLanguage\":\"de\"},{\"@type\":\"Organization\",\"@id\":\"https:\\\/\\\/parnassius-apollo.life\\\/de#organization\",\"name\":\"LIFE Apollo 2020\",\"alternateName\":\"Parnassius Apollo LIFE Project\",\"url\":\"https:\\\/\\\/parnassius-apollo.life\\\/de\",\"logo\":{\"@type\":\"ImageObject\",\"inLanguage\":\"de\",\"@id\":\"https:\\\/\\\/parnassius-apollo.life\\\/de#\\\/schema\\\/logo\\\/image\\\/\",\"url\":\"https:\\\/\\\/i0.wp.com\\\/parnassius-apollo.life\\\/wp-content\\\/uploads\\\/2022\\\/05\\\/LIFE_Apollo_Final-e1651506328254.png?fit=127%2C150&ssl=1\",\"contentUrl\":\"https:\\\/\\\/i0.wp.com\\\/parnassius-apollo.life\\\/wp-content\\\/uploads\\\/2022\\\/05\\\/LIFE_Apollo_Final-e1651506328254.png?fit=127%2C150&ssl=1\",\"width\":127,\"height\":150,\"caption\":\"LIFE Apollo 2020\"},\"image\":{\"@id\":\"https:\\\/\\\/parnassius-apollo.life\\\/de#\\\/schema\\\/logo\\\/image\\\/\"},\"email\":\"info@apollo-2020.life\",\"legalName\":\"Karkonoski Park Narodowy\",\"numberOfEmployees\":{\"@type\":\"QuantitativeValue\",\"minValue\":\"51\",\"maxValue\":\"200\"}}]}<\/script>\n<!-- \/ Yoast SEO Premium plugin. -->","yoast_head_json":{"title":"Pawel Adamski - Parnassius apollo project LIFE Apollo2020","robots":{"index":"index","follow":"follow","max-snippet":"max-snippet:-1","max-image-preview":"max-image-preview:large","max-video-preview":"max-video-preview:-1"},"canonical":"https:\/\/parnassius-apollo.life\/de\/pawel-adamski","og_locale":"de_DE","og_type":"article","og_title":"Pawel Adamski","og_description":"ROLLE Externer Experte LAND Polen Das Institut f\u00fcr Naturschutz ist eine Einrichtung der Abteilung II der Polnischen Akademie der Wissenschaften.","og_url":"https:\/\/parnassius-apollo.life\/de\/pawel-adamski","og_site_name":"Parnassius apollo project LIFE Apollo2020","article_modified_time":"2024-11-30T17:39:41+00:00","og_image":[{"url":"https:\/\/parnassius-apollo.life\/wp-content\/uploads\/2023\/11\/Institute_of_Nature_Conservation_PAS.png","type":"","width":"","height":""}],"twitter_card":"summary_large_image","twitter_misc":{"Gesch\u00e4tzte Lesezeit":"1\u00a0Minute"},"schema":{"@context":"https:\/\/schema.org","@graph":[{"@type":"WebPage","@id":"https:\/\/parnassius-apollo.life\/de\/pawel-adamski","url":"https:\/\/parnassius-apollo.life\/de\/pawel-adamski","name":"Pawel Adamski - Parnassius apollo project LIFE Apollo2020","isPartOf":{"@id":"https:\/\/parnassius-apollo.life\/de#website"},"primaryImageOfPage":{"@id":"https:\/\/parnassius-apollo.life\/de\/pawel-adamski#primaryimage"},"image":{"@id":"https:\/\/parnassius-apollo.life\/de\/pawel-adamski#primaryimage"},"thumbnailUrl":"https:\/\/parnassius-apollo.life\/wp-content\/uploads\/2023\/11\/Institute_of_Nature_Conservation_PAS.png","datePublished":"2024-11-30T17:39:38+00:00","dateModified":"2024-11-30T17:39:41+00:00","breadcrumb":{"@id":"https:\/\/parnassius-apollo.life\/de\/pawel-adamski#breadcrumb"},"inLanguage":"de","potentialAction":[{"@type":"ReadAction","target":["https:\/\/parnassius-apollo.life\/de\/pawel-adamski"]}]},{"@type":"ImageObject","inLanguage":"de","@id":"https:\/\/parnassius-apollo.life\/de\/pawel-adamski#primaryimage","url":"https:\/\/parnassius-apollo.life\/wp-content\/uploads\/2023\/11\/Institute_of_Nature_Conservation_PAS.png","contentUrl":"https:\/\/parnassius-apollo.life\/wp-content\/uploads\/2023\/11\/Institute_of_Nature_Conservation_PAS.png"},{"@type":"BreadcrumbList","@id":"https:\/\/parnassius-apollo.life\/de\/pawel-adamski#breadcrumb","itemListElement":[{"@type":"ListItem","position":1,"name":"Home","item":"https:\/\/parnassius-apollo.life\/de"},{"@type":"ListItem","position":2,"name":"Pawel Adamski"}]},{"@type":"WebSite","@id":"https:\/\/parnassius-apollo.life\/de#website","url":"https:\/\/parnassius-apollo.life\/de","name":"Parnassius apollo project LIFE Apollo2020","description":"Conservation of Parnassius apollo in Czechia, Poland and Austria","publisher":{"@id":"https:\/\/parnassius-apollo.life\/de#organization"},"potentialAction":[{"@type":"SearchAction","target":{"@type":"EntryPoint","urlTemplate":"https:\/\/parnassius-apollo.life\/de?s={search_term_string}"},"query-input":{"@type":"PropertyValueSpecification","valueRequired":true,"valueName":"search_term_string"}}],"inLanguage":"de"},{"@type":"Organization","@id":"https:\/\/parnassius-apollo.life\/de#organization","name":"LIFE Apollo 2020","alternateName":"Parnassius Apollo LIFE Project","url":"https:\/\/parnassius-apollo.life\/de","logo":{"@type":"ImageObject","inLanguage":"de","@id":"https:\/\/parnassius-apollo.life\/de#\/schema\/logo\/image\/","url":"https:\/\/i0.wp.com\/parnassius-apollo.life\/wp-content\/uploads\/2022\/05\/LIFE_Apollo_Final-e1651506328254.png?fit=127%2C150&ssl=1","contentUrl":"https:\/\/i0.wp.com\/parnassius-apollo.life\/wp-content\/uploads\/2022\/05\/LIFE_Apollo_Final-e1651506328254.png?fit=127%2C150&ssl=1","width":127,"height":150,"caption":"LIFE Apollo 2020"},"image":{"@id":"https:\/\/parnassius-apollo.life\/de#\/schema\/logo\/image\/"},"email":"info@apollo-2020.life","legalName":"Karkonoski Park Narodowy","numberOfEmployees":{"@type":"QuantitativeValue","minValue":"51","maxValue":"200"}}]}},"jetpack_likes_enabled":true,"jetpack_sharing_enabled":true,"_links":{"self":[{"href":"https:\/\/parnassius-apollo.life\/de\/wp-json\/wp\/v2\/pages\/8450","targetHints":{"allow":["GET"]}}],"collection":[{"href":"https:\/\/parnassius-apollo.life\/de\/wp-json\/wp\/v2\/pages"}],"about":[{"href":"https:\/\/parnassius-apollo.life\/de\/wp-json\/wp\/v2\/types\/page"}],"author":[{"embeddable":true,"href":"https:\/\/parnassius-apollo.life\/de\/wp-json\/wp\/v2\/users\/33"}],"replies":[{"embeddable":true,"href":"https:\/\/parnassius-apollo.life\/de\/wp-json\/wp\/v2\/comments?post=8450"}],"version-history":[{"count":0,"href":"https:\/\/parnassius-apollo.life\/de\/wp-json\/wp\/v2\/pages\/8450\/revisions"}],"wp:attachment":[{"href":"https:\/\/parnassius-apollo.life\/de\/wp-json\/wp\/v2\/media?parent=8450"}],"curies":[{"name":"wp","href":"https:\/\/api.w.org\/{rel}","templated":true}]}}